{"id":635,"date":"2022-07-11T12:58:35","date_gmt":"2022-07-11T10:58:35","guid":{"rendered":"http:\/\/www.trail-de-la-biche.fr\/?page_id=635"},"modified":"2025-07-10T15:33:57","modified_gmt":"2025-07-10T13:33:57","slug":"photos","status":"publish","type":"page","link":"https:\/\/www.trail-de-la-biche.fr\/?page_id=635","title":{"rendered":"Photos"},"content":{"rendered":"\t\t<div data-elementor-type=\"wp-page\" data-elementor-id=\"635\" class=\"elementor elementor-635\">\n\t\t\t\t\t\t<section class=\"elementor-section elementor-top-section elementor-element elementor-element-22912d04 elementor-section-content-middle elementor-section-boxed elementor-section-height-default elementor-section-height-default\" data-id=\"22912d04\" data-element_type=\"section\">\n\t\t\t\t\t\t<div class=\"elementor-container elementor-column-gap-no\">\n\t\t\t\t\t<div class=\"elementor-column elementor-col-100 elementor-top-column elementor-element elementor-element-4b6eb0dd\" data-id=\"4b6eb0dd\" data-element_type=\"column\">\n\t\t\t<div class=\"elementor-widget-wrap elementor-element-populated\">\n\t\t\t\t\t\t<div class=\"elementor-element elementor-element-21b010d9 elementor-widget elementor-widget-heading\" data-id=\"21b010d9\" data-element_type=\"widget\" data-widget_type=\"heading.default\">\n\t\t\t\t<div class=\"elementor-widget-container\">\n\t\t\t\t\t<h4 class=\"elementor-heading-title elementor-size-default\">Galerie<\/h4>\t\t\t\t<\/div>\n\t\t\t\t<\/div>\n\t\t\t\t<div class=\"elementor-element elementor-element-4ebdf96 elementor-align-center elementor-widget elementor-widget-button\" data-id=\"4ebdf96\" data-element_type=\"widget\" data-widget_type=\"button.default\">\n\t\t\t\t<div class=\"elementor-widget-container\">\n\t\t\t\t\t\t\t\t\t<div class=\"elementor-button-wrapper\">\n\t\t\t\t\t<a class=\"elementor-button elementor-button-link elementor-size-sm\" href=\"https:\/\/drive.google.com\/drive\/folders\/1mprt-fROkF4Iwuy2gOw0OwFBwHc5i6Rc?usp=sharing\">\n\t\t\t\t\t\t<span class=\"elementor-button-content-wrapper\">\n\t\t\t\t\t\t<span class=\"elementor-button-icon\">\n\t\t\t\t<i aria-hidden=\"true\" class=\"fas fa-photo-video\"><\/i>\t\t\t<\/span>\n\t\t\t\t\t\t\t\t\t<span class=\"elementor-button-text\">Retrouve ici les photos de l'\u00e9dition 2025 !<\/span>\n\t\t\t\t\t<\/span>\n\t\t\t\t\t<\/a>\n\t\t\t\t<\/div>\n\t\t\t\t\t\t\t\t<\/div>\n\t\t\t\t<\/div>\n\t\t\t\t<div class=\"elementor-element elementor-element-f0421ed elementor-widget elementor-widget-image-gallery\" data-id=\"f0421ed\" data-element_type=\"widget\" data-widget_type=\"image-gallery.default\">\n\t\t\t\t<div class=\"elementor-widget-container\">\n\t\t\t\t\t\t\t<div class=\"elementor-image-gallery\">\n\t\t\t<div id='gallery-1' class='gallery galleryid-635 gallery-columns-3 gallery-size-medium'><figure class='gallery-item'>\n\t\t\t<div class='gallery-icon landscape'>\n\t\t\t\t<a data-elementor-open-lightbox=\"yes\" data-elementor-lightbox-slideshow=\"f0421ed\" data-elementor-lightbox-title=\"IMG_8690\" data-e-action-hash=\"#elementor-action%3Aaction%3Dlightbox%26settings%3DeyJpZCI6OTQxLCJ1cmwiOiJodHRwczpcL1wvd3d3LnRyYWlsLWRlLWxhLWJpY2hlLmZyXC93cC1jb250ZW50XC91cGxvYWRzXC8yMDI1XC8wN1wvSU1HXzg2OTAtc2NhbGVkLmpwZyIsInNsaWRlc2hvdyI6ImYwNDIxZWQifQ%3D%3D\" href='https:\/\/www.trail-de-la-biche.fr\/wp-content\/uploads\/2025\/07\/IMG_8690-scaled.jpg'><img fetchpriority=\"high\" decoding=\"async\" width=\"300\" height=\"200\" src=\"https:\/\/www.trail-de-la-biche.fr\/wp-content\/uploads\/2025\/07\/IMG_8690-300x200.jpg\" class=\"attachment-medium size-medium\" alt=\"\" srcset=\"https:\/\/www.trail-de-la-biche.fr\/wp-content\/uploads\/2025\/07\/IMG_8690-300x200.jpg 300w, https:\/\/www.trail-de-la-biche.fr\/wp-content\/uploads\/2025\/07\/IMG_8690-1024x683.jpg 1024w, https:\/\/www.trail-de-la-biche.fr\/wp-content\/uploads\/2025\/07\/IMG_8690-2000x1333.jpg 2000w\" sizes=\"100vw\" \/><\/a>\n\t\t\t<\/div><\/figure><figure class='gallery-item'>\n\t\t\t<div class='gallery-icon landscape'>\n\t\t\t\t<a data-elementor-open-lightbox=\"yes\" data-elementor-lightbox-slideshow=\"f0421ed\" data-elementor-lightbox-title=\"IMG_8635\" data-e-action-hash=\"#elementor-action%3Aaction%3Dlightbox%26settings%3DeyJpZCI6OTQyLCJ1cmwiOiJodHRwczpcL1wvd3d3LnRyYWlsLWRlLWxhLWJpY2hlLmZyXC93cC1jb250ZW50XC91cGxvYWRzXC8yMDI1XC8wN1wvSU1HXzg2MzUtc2NhbGVkLmpwZyIsInNsaWRlc2hvdyI6ImYwNDIxZWQifQ%3D%3D\" href='https:\/\/www.trail-de-la-biche.fr\/wp-content\/uploads\/2025\/07\/IMG_8635-scaled.jpg'><img decoding=\"async\" width=\"300\" height=\"200\" src=\"https:\/\/www.trail-de-la-biche.fr\/wp-content\/uploads\/2025\/07\/IMG_8635-300x200.jpg\" class=\"attachment-medium size-medium\" alt=\"\" srcset=\"https:\/\/www.trail-de-la-biche.fr\/wp-content\/uploads\/2025\/07\/IMG_8635-300x200.jpg 300w, https:\/\/www.trail-de-la-biche.fr\/wp-content\/uploads\/2025\/07\/IMG_8635-1024x683.jpg 1024w, https:\/\/www.trail-de-la-biche.fr\/wp-content\/uploads\/2025\/07\/IMG_8635-2000x1333.jpg 2000w\" sizes=\"100vw\" \/><\/a>\n\t\t\t<\/div><\/figure><figure class='gallery-item'>\n\t\t\t<div class='gallery-icon landscape'>\n\t\t\t\t<a data-elementor-open-lightbox=\"yes\" data-elementor-lightbox-slideshow=\"f0421ed\" data-elementor-lightbox-title=\"IMG_8859\" data-e-action-hash=\"#elementor-action%3Aaction%3Dlightbox%26settings%3DeyJpZCI6OTQzLCJ1cmwiOiJodHRwczpcL1wvd3d3LnRyYWlsLWRlLWxhLWJpY2hlLmZyXC93cC1jb250ZW50XC91cGxvYWRzXC8yMDI1XC8wN1wvSU1HXzg4NTktc2NhbGVkLmpwZyIsInNsaWRlc2hvdyI6ImYwNDIxZWQifQ%3D%3D\" href='https:\/\/www.trail-de-la-biche.fr\/wp-content\/uploads\/2025\/07\/IMG_8859-scaled.jpg'><img decoding=\"async\" width=\"300\" height=\"200\" src=\"https:\/\/www.trail-de-la-biche.fr\/wp-content\/uploads\/2025\/07\/IMG_8859-300x200.jpg\" class=\"attachment-medium size-medium\" alt=\"\" srcset=\"https:\/\/www.trail-de-la-biche.fr\/wp-content\/uploads\/2025\/07\/IMG_8859-300x200.jpg 300w, https:\/\/www.trail-de-la-biche.fr\/wp-content\/uploads\/2025\/07\/IMG_8859-1024x683.jpg 1024w, https:\/\/www.trail-de-la-biche.fr\/wp-content\/uploads\/2025\/07\/IMG_8859-2000x1333.jpg 2000w\" sizes=\"100vw\" \/><\/a>\n\t\t\t<\/div><\/figure><figure class='gallery-item'>\n\t\t\t<div class='gallery-icon landscape'>\n\t\t\t\t<a data-elementor-open-lightbox=\"yes\" data-elementor-lightbox-slideshow=\"f0421ed\" data-elementor-lightbox-title=\"IMG_8848\" data-e-action-hash=\"#elementor-action%3Aaction%3Dlightbox%26settings%3DeyJpZCI6OTQ0LCJ1cmwiOiJodHRwczpcL1wvd3d3LnRyYWlsLWRlLWxhLWJpY2hlLmZyXC93cC1jb250ZW50XC91cGxvYWRzXC8yMDI1XC8wN1wvSU1HXzg4NDgtc2NhbGVkLmpwZyIsInNsaWRlc2hvdyI6ImYwNDIxZWQifQ%3D%3D\" href='https:\/\/www.trail-de-la-biche.fr\/wp-content\/uploads\/2025\/07\/IMG_8848-scaled.jpg'><img loading=\"lazy\" decoding=\"async\" width=\"300\" height=\"200\" src=\"https:\/\/www.trail-de-la-biche.fr\/wp-content\/uploads\/2025\/07\/IMG_8848-300x200.jpg\" class=\"attachment-medium size-medium\" alt=\"\" srcset=\"https:\/\/www.trail-de-la-biche.fr\/wp-content\/uploads\/2025\/07\/IMG_8848-300x200.jpg 300w, https:\/\/www.trail-de-la-biche.fr\/wp-content\/uploads\/2025\/07\/IMG_8848-1024x683.jpg 1024w, https:\/\/www.trail-de-la-biche.fr\/wp-content\/uploads\/2025\/07\/IMG_8848-2000x1333.jpg 2000w\" sizes=\"100vw\" \/><\/a>\n\t\t\t<\/div><\/figure><figure class='gallery-item'>\n\t\t\t<div class='gallery-icon landscape'>\n\t\t\t\t<a data-elementor-open-lightbox=\"yes\" data-elementor-lightbox-slideshow=\"f0421ed\" data-elementor-lightbox-title=\"IMG_8492\" data-e-action-hash=\"#elementor-action%3Aaction%3Dlightbox%26settings%3DeyJpZCI6OTQ1LCJ1cmwiOiJodHRwczpcL1wvd3d3LnRyYWlsLWRlLWxhLWJpY2hlLmZyXC93cC1jb250ZW50XC91cGxvYWRzXC8yMDI1XC8wN1wvSU1HXzg0OTItc2NhbGVkLmpwZyIsInNsaWRlc2hvdyI6ImYwNDIxZWQifQ%3D%3D\" href='https:\/\/www.trail-de-la-biche.fr\/wp-content\/uploads\/2025\/07\/IMG_8492-scaled.jpg'><img loading=\"lazy\" decoding=\"async\" width=\"300\" height=\"200\" src=\"https:\/\/www.trail-de-la-biche.fr\/wp-content\/uploads\/2025\/07\/IMG_8492-300x200.jpg\" class=\"attachment-medium size-medium\" alt=\"\" srcset=\"https:\/\/www.trail-de-la-biche.fr\/wp-content\/uploads\/2025\/07\/IMG_8492-300x200.jpg 300w, https:\/\/www.trail-de-la-biche.fr\/wp-content\/uploads\/2025\/07\/IMG_8492-1024x683.jpg 1024w, https:\/\/www.trail-de-la-biche.fr\/wp-content\/uploads\/2025\/07\/IMG_8492-2000x1333.jpg 2000w\" sizes=\"100vw\" \/><\/a>\n\t\t\t<\/div><\/figure><figure class='gallery-item'>\n\t\t\t<div class='gallery-icon landscape'>\n\t\t\t\t<a data-elementor-open-lightbox=\"yes\" data-elementor-lightbox-slideshow=\"f0421ed\" data-elementor-lightbox-title=\"IMG_8768\" data-e-action-hash=\"#elementor-action%3Aaction%3Dlightbox%26settings%3DeyJpZCI6OTQ2LCJ1cmwiOiJodHRwczpcL1wvd3d3LnRyYWlsLWRlLWxhLWJpY2hlLmZyXC93cC1jb250ZW50XC91cGxvYWRzXC8yMDI1XC8wN1wvSU1HXzg3Njgtc2NhbGVkLmpwZyIsInNsaWRlc2hvdyI6ImYwNDIxZWQifQ%3D%3D\" href='https:\/\/www.trail-de-la-biche.fr\/wp-content\/uploads\/2025\/07\/IMG_8768-scaled.jpg'><img loading=\"lazy\" decoding=\"async\" width=\"300\" height=\"200\" src=\"https:\/\/www.trail-de-la-biche.fr\/wp-content\/uploads\/2025\/07\/IMG_8768-300x200.jpg\" class=\"attachment-medium size-medium\" alt=\"\" srcset=\"https:\/\/www.trail-de-la-biche.fr\/wp-content\/uploads\/2025\/07\/IMG_8768-300x200.jpg 300w, https:\/\/www.trail-de-la-biche.fr\/wp-content\/uploads\/2025\/07\/IMG_8768-1024x683.jpg 1024w, https:\/\/www.trail-de-la-biche.fr\/wp-content\/uploads\/2025\/07\/IMG_8768-2000x1333.jpg 2000w\" sizes=\"100vw\" \/><\/a>\n\t\t\t<\/div><\/figure>\n\t\t<\/div>\n\t\t<\/div>\n\t\t\t\t\t\t<\/div>\n\t\t\t\t<\/div>\n\t\t\t\t<div class=\"elementor-element elementor-element-fd1e5ed elementor-align-center elementor-widget elementor-widget-button\" data-id=\"fd1e5ed\" data-element_type=\"widget\" data-widget_type=\"button.default\">\n\t\t\t\t<div class=\"elementor-widget-container\">\n\t\t\t\t\t\t\t\t\t<div class=\"elementor-button-wrapper\">\n\t\t\t\t\t<a class=\"elementor-button elementor-button-link elementor-size-sm\" href=\"https:\/\/drive.google.com\/drive\/folders\/1CyGYpNCVHhDVOC_QtuTwXmxb9l4XFtoR?usp=sharing\">\n\t\t\t\t\t\t<span class=\"elementor-button-content-wrapper\">\n\t\t\t\t\t\t<span class=\"elementor-button-icon\">\n\t\t\t\t<i aria-hidden=\"true\" class=\"fas fa-photo-video\"><\/i>\t\t\t<\/span>\n\t\t\t\t\t\t\t\t\t<span class=\"elementor-button-text\">Retrouve ici les photos de l'\u00e9dition 2024 !<\/span>\n\t\t\t\t\t<\/span>\n\t\t\t\t\t<\/a>\n\t\t\t\t<\/div>\n\t\t\t\t\t\t\t\t<\/div>\n\t\t\t\t<\/div>\n\t\t\t\t<div class=\"elementor-element elementor-element-f85899e elementor-widget elementor-widget-image-gallery\" data-id=\"f85899e\" data-element_type=\"widget\" data-widget_type=\"image-gallery.default\">\n\t\t\t\t<div class=\"elementor-widget-container\">\n\t\t\t\t\t\t\t<div class=\"elementor-image-gallery\">\n\t\t\t<div id='gallery-2' class='gallery galleryid-635 gallery-columns-3 gallery-size-medium'><figure class='gallery-item'>\n\t\t\t<div class='gallery-icon landscape'>\n\t\t\t\t<a data-elementor-open-lightbox=\"yes\" data-elementor-lightbox-slideshow=\"f85899e\" data-elementor-lightbox-title=\"IMG_5249\" data-e-action-hash=\"#elementor-action%3Aaction%3Dlightbox%26settings%3DeyJpZCI6OTAwLCJ1cmwiOiJodHRwczpcL1wvd3d3LnRyYWlsLWRlLWxhLWJpY2hlLmZyXC93cC1jb250ZW50XC91cGxvYWRzXC8yMDI0XC8wOFwvSU1HXzUyNDktc2NhbGVkLmpwZyIsInNsaWRlc2hvdyI6ImY4NTg5OWUifQ%3D%3D\" href='https:\/\/www.trail-de-la-biche.fr\/wp-content\/uploads\/2024\/08\/IMG_5249-scaled.jpg'><img loading=\"lazy\" decoding=\"async\" width=\"300\" height=\"169\" src=\"https:\/\/www.trail-de-la-biche.fr\/wp-content\/uploads\/2024\/08\/IMG_5249-300x169.jpg\" class=\"attachment-medium size-medium\" alt=\"\" srcset=\"https:\/\/www.trail-de-la-biche.fr\/wp-content\/uploads\/2024\/08\/IMG_5249-300x169.jpg 300w, https:\/\/www.trail-de-la-biche.fr\/wp-content\/uploads\/2024\/08\/IMG_5249-1024x576.jpg 1024w, https:\/\/www.trail-de-la-biche.fr\/wp-content\/uploads\/2024\/08\/IMG_5249-768x432.jpg 768w, https:\/\/www.trail-de-la-biche.fr\/wp-content\/uploads\/2024\/08\/IMG_5249-1536x864.jpg 1536w, https:\/\/www.trail-de-la-biche.fr\/wp-content\/uploads\/2024\/08\/IMG_5249-2048x1152.jpg 2048w, https:\/\/www.trail-de-la-biche.fr\/wp-content\/uploads\/2024\/08\/IMG_5249-2000x1125.jpg 2000w\" sizes=\"100vw\" \/><\/a>\n\t\t\t<\/div><\/figure><figure class='gallery-item'>\n\t\t\t<div class='gallery-icon landscape'>\n\t\t\t\t<a data-elementor-open-lightbox=\"yes\" data-elementor-lightbox-slideshow=\"f85899e\" data-elementor-lightbox-title=\"IMG_5228 (1)\" data-e-action-hash=\"#elementor-action%3Aaction%3Dlightbox%26settings%3DeyJpZCI6OTAxLCJ1cmwiOiJodHRwczpcL1wvd3d3LnRyYWlsLWRlLWxhLWJpY2hlLmZyXC93cC1jb250ZW50XC91cGxvYWRzXC8yMDI0XC8wOFwvSU1HXzUyMjgtMS1zY2FsZWQuanBnIiwic2xpZGVzaG93IjoiZjg1ODk5ZSJ9\" href='https:\/\/www.trail-de-la-biche.fr\/wp-content\/uploads\/2024\/08\/IMG_5228-1-scaled.jpg'><img loading=\"lazy\" decoding=\"async\" width=\"300\" height=\"169\" src=\"https:\/\/www.trail-de-la-biche.fr\/wp-content\/uploads\/2024\/08\/IMG_5228-1-300x169.jpg\" class=\"attachment-medium size-medium\" alt=\"\" srcset=\"https:\/\/www.trail-de-la-biche.fr\/wp-content\/uploads\/2024\/08\/IMG_5228-1-300x169.jpg 300w, https:\/\/www.trail-de-la-biche.fr\/wp-content\/uploads\/2024\/08\/IMG_5228-1-1024x576.jpg 1024w, https:\/\/www.trail-de-la-biche.fr\/wp-content\/uploads\/2024\/08\/IMG_5228-1-768x432.jpg 768w, https:\/\/www.trail-de-la-biche.fr\/wp-content\/uploads\/2024\/08\/IMG_5228-1-1536x864.jpg 1536w, https:\/\/www.trail-de-la-biche.fr\/wp-content\/uploads\/2024\/08\/IMG_5228-1-2048x1152.jpg 2048w, https:\/\/www.trail-de-la-biche.fr\/wp-content\/uploads\/2024\/08\/IMG_5228-1-2000x1125.jpg 2000w\" sizes=\"100vw\" \/><\/a>\n\t\t\t<\/div><\/figure><figure class='gallery-item'>\n\t\t\t<div class='gallery-icon landscape'>\n\t\t\t\t<a data-elementor-open-lightbox=\"yes\" data-elementor-lightbox-slideshow=\"f85899e\" data-elementor-lightbox-title=\"IMG_1659\" data-e-action-hash=\"#elementor-action%3Aaction%3Dlightbox%26settings%3DeyJpZCI6OTAyLCJ1cmwiOiJodHRwczpcL1wvd3d3LnRyYWlsLWRlLWxhLWJpY2hlLmZyXC93cC1jb250ZW50XC91cGxvYWRzXC8yMDI0XC8wOFwvSU1HXzE2NTktc2NhbGVkLmpwZyIsInNsaWRlc2hvdyI6ImY4NTg5OWUifQ%3D%3D\" href='https:\/\/www.trail-de-la-biche.fr\/wp-content\/uploads\/2024\/08\/IMG_1659-scaled.jpg'><img loading=\"lazy\" decoding=\"async\" width=\"300\" height=\"200\" src=\"https:\/\/www.trail-de-la-biche.fr\/wp-content\/uploads\/2024\/08\/IMG_1659-300x200.jpg\" class=\"attachment-medium size-medium\" alt=\"\" srcset=\"https:\/\/www.trail-de-la-biche.fr\/wp-content\/uploads\/2024\/08\/IMG_1659-300x200.jpg 300w, https:\/\/www.trail-de-la-biche.fr\/wp-content\/uploads\/2024\/08\/IMG_1659-1024x683.jpg 1024w, https:\/\/www.trail-de-la-biche.fr\/wp-content\/uploads\/2024\/08\/IMG_1659-768x512.jpg 768w, https:\/\/www.trail-de-la-biche.fr\/wp-content\/uploads\/2024\/08\/IMG_1659-1536x1024.jpg 1536w, https:\/\/www.trail-de-la-biche.fr\/wp-content\/uploads\/2024\/08\/IMG_1659-2048x1365.jpg 2048w, https:\/\/www.trail-de-la-biche.fr\/wp-content\/uploads\/2024\/08\/IMG_1659-2000x1333.jpg 2000w\" sizes=\"100vw\" \/><\/a>\n\t\t\t<\/div><\/figure><figure class='gallery-item'>\n\t\t\t<div class='gallery-icon landscape'>\n\t\t\t\t<a data-elementor-open-lightbox=\"yes\" data-elementor-lightbox-slideshow=\"f85899e\" data-elementor-lightbox-title=\"IMG_1442\" data-e-action-hash=\"#elementor-action%3Aaction%3Dlightbox%26settings%3DeyJpZCI6OTAzLCJ1cmwiOiJodHRwczpcL1wvd3d3LnRyYWlsLWRlLWxhLWJpY2hlLmZyXC93cC1jb250ZW50XC91cGxvYWRzXC8yMDI0XC8wOFwvSU1HXzE0NDItc2NhbGVkLmpwZyIsInNsaWRlc2hvdyI6ImY4NTg5OWUifQ%3D%3D\" href='https:\/\/www.trail-de-la-biche.fr\/wp-content\/uploads\/2024\/08\/IMG_1442-scaled.jpg'><img loading=\"lazy\" decoding=\"async\" width=\"300\" height=\"200\" src=\"https:\/\/www.trail-de-la-biche.fr\/wp-content\/uploads\/2024\/08\/IMG_1442-300x200.jpg\" class=\"attachment-medium size-medium\" alt=\"\" srcset=\"https:\/\/www.trail-de-la-biche.fr\/wp-content\/uploads\/2024\/08\/IMG_1442-300x200.jpg 300w, https:\/\/www.trail-de-la-biche.fr\/wp-content\/uploads\/2024\/08\/IMG_1442-1024x683.jpg 1024w, https:\/\/www.trail-de-la-biche.fr\/wp-content\/uploads\/2024\/08\/IMG_1442-768x512.jpg 768w, https:\/\/www.trail-de-la-biche.fr\/wp-content\/uploads\/2024\/08\/IMG_1442-1536x1024.jpg 1536w, https:\/\/www.trail-de-la-biche.fr\/wp-content\/uploads\/2024\/08\/IMG_1442-2048x1365.jpg 2048w, https:\/\/www.trail-de-la-biche.fr\/wp-content\/uploads\/2024\/08\/IMG_1442-2000x1333.jpg 2000w\" sizes=\"100vw\" \/><\/a>\n\t\t\t<\/div><\/figure><figure class='gallery-item'>\n\t\t\t<div class='gallery-icon landscape'>\n\t\t\t\t<a data-elementor-open-lightbox=\"yes\" data-elementor-lightbox-slideshow=\"f85899e\" data-elementor-lightbox-title=\"IMG_1363\" data-e-action-hash=\"#elementor-action%3Aaction%3Dlightbox%26settings%3DeyJpZCI6OTA0LCJ1cmwiOiJodHRwczpcL1wvd3d3LnRyYWlsLWRlLWxhLWJpY2hlLmZyXC93cC1jb250ZW50XC91cGxvYWRzXC8yMDI0XC8wOFwvSU1HXzEzNjMtc2NhbGVkLmpwZyIsInNsaWRlc2hvdyI6ImY4NTg5OWUifQ%3D%3D\" href='https:\/\/www.trail-de-la-biche.fr\/wp-content\/uploads\/2024\/08\/IMG_1363-scaled.jpg'><img loading=\"lazy\" decoding=\"async\" width=\"300\" height=\"200\" src=\"https:\/\/www.trail-de-la-biche.fr\/wp-content\/uploads\/2024\/08\/IMG_1363-300x200.jpg\" class=\"attachment-medium size-medium\" alt=\"\" srcset=\"https:\/\/www.trail-de-la-biche.fr\/wp-content\/uploads\/2024\/08\/IMG_1363-300x200.jpg 300w, https:\/\/www.trail-de-la-biche.fr\/wp-content\/uploads\/2024\/08\/IMG_1363-1024x683.jpg 1024w, https:\/\/www.trail-de-la-biche.fr\/wp-content\/uploads\/2024\/08\/IMG_1363-768x512.jpg 768w, https:\/\/www.trail-de-la-biche.fr\/wp-content\/uploads\/2024\/08\/IMG_1363-1536x1024.jpg 1536w, https:\/\/www.trail-de-la-biche.fr\/wp-content\/uploads\/2024\/08\/IMG_1363-2048x1365.jpg 2048w, https:\/\/www.trail-de-la-biche.fr\/wp-content\/uploads\/2024\/08\/IMG_1363-2000x1333.jpg 2000w\" sizes=\"100vw\" \/><\/a>\n\t\t\t<\/div><\/figure><figure class='gallery-item'>\n\t\t\t<div class='gallery-icon landscape'>\n\t\t\t\t<a data-elementor-open-lightbox=\"yes\" data-elementor-lightbox-slideshow=\"f85899e\" data-elementor-lightbox-title=\"IMG_1110\" data-e-action-hash=\"#elementor-action%3Aaction%3Dlightbox%26settings%3DeyJpZCI6OTA1LCJ1cmwiOiJodHRwczpcL1wvd3d3LnRyYWlsLWRlLWxhLWJpY2hlLmZyXC93cC1jb250ZW50XC91cGxvYWRzXC8yMDI0XC8wOFwvSU1HXzExMTAtc2NhbGVkLmpwZyIsInNsaWRlc2hvdyI6ImY4NTg5OWUifQ%3D%3D\" href='https:\/\/www.trail-de-la-biche.fr\/wp-content\/uploads\/2024\/08\/IMG_1110-scaled.jpg'><img loading=\"lazy\" decoding=\"async\" width=\"300\" height=\"200\" src=\"https:\/\/www.trail-de-la-biche.fr\/wp-content\/uploads\/2024\/08\/IMG_1110-300x200.jpg\" class=\"attachment-medium size-medium\" alt=\"\" srcset=\"https:\/\/www.trail-de-la-biche.fr\/wp-content\/uploads\/2024\/08\/IMG_1110-300x200.jpg 300w, https:\/\/www.trail-de-la-biche.fr\/wp-content\/uploads\/2024\/08\/IMG_1110-1024x683.jpg 1024w, https:\/\/www.trail-de-la-biche.fr\/wp-content\/uploads\/2024\/08\/IMG_1110-768x512.jpg 768w, https:\/\/www.trail-de-la-biche.fr\/wp-content\/uploads\/2024\/08\/IMG_1110-1536x1024.jpg 1536w, https:\/\/www.trail-de-la-biche.fr\/wp-content\/uploads\/2024\/08\/IMG_1110-2048x1365.jpg 2048w, https:\/\/www.trail-de-la-biche.fr\/wp-content\/uploads\/2024\/08\/IMG_1110-2000x1333.jpg 2000w\" sizes=\"100vw\" \/><\/a>\n\t\t\t<\/div><\/figure>\n\t\t<\/div>\n\t\t<\/div>\n\t\t\t\t\t\t<\/div>\n\t\t\t\t<\/div>\n\t\t\t\t<div class=\"elementor-element elementor-element-ee5f2ca elementor-widget-divider--view-line elementor-widget elementor-widget-divider\" data-id=\"ee5f2ca\" data-element_type=\"widget\" data-widget_type=\"divider.default\">\n\t\t\t\t<div class=\"elementor-widget-container\">\n\t\t\t\t\t\t\t<div class=\"elementor-divider\">\n\t\t\t<span class=\"elementor-divider-separator\">\n\t\t\t\t\t\t<\/span>\n\t\t<\/div>\n\t\t\t\t\t\t<\/div>\n\t\t\t\t<\/div>\n\t\t\t\t<div class=\"elementor-element elementor-element-b853e4a elementor-align-center elementor-widget elementor-widget-button\" data-id=\"b853e4a\" data-element_type=\"widget\" data-widget_type=\"button.default\">\n\t\t\t\t<div class=\"elementor-widget-container\">\n\t\t\t\t\t\t\t\t\t<div class=\"elementor-button-wrapper\">\n\t\t\t\t\t<a class=\"elementor-button elementor-button-link elementor-size-sm\" href=\"https:\/\/photos.google.com\/share\/AF1QipOqaiXlm_Ye4R64nmRXAmJR5Vk9SUBmeen09DeEQs_STmXIUzO-eosd9Y7piLs6FA?key=S1FWbGgzQmJlNzBNSnoyQ1B1QWdQVXBDcExEaHZR\">\n\t\t\t\t\t\t<span class=\"elementor-button-content-wrapper\">\n\t\t\t\t\t\t<span class=\"elementor-button-icon\">\n\t\t\t\t<i aria-hidden=\"true\" class=\"fas fa-photo-video\"><\/i>\t\t\t<\/span>\n\t\t\t\t\t\t\t\t\t<span class=\"elementor-button-text\">Retrouve ici les photos de l'\u00e9dition 2023 !<\/span>\n\t\t\t\t\t<\/span>\n\t\t\t\t\t<\/a>\n\t\t\t\t<\/div>\n\t\t\t\t\t\t\t\t<\/div>\n\t\t\t\t<\/div>\n\t\t\t\t<div class=\"elementor-element elementor-element-1a2971a8 gallery-spacing-custom elementor-widget elementor-widget-image-gallery\" data-id=\"1a2971a8\" data-element_type=\"widget\" data-widget_type=\"image-gallery.default\">\n\t\t\t\t<div class=\"elementor-widget-container\">\n\t\t\t\t\t\t\t<div class=\"elementor-image-gallery\">\n\t\t\t<div id='gallery-3' class='gallery galleryid-635 gallery-columns-3 gallery-size-1536x1536'><figure class='gallery-item'>\n\t\t\t<div class='gallery-icon landscape'>\n\t\t\t\t<a data-elementor-open-lightbox=\"yes\" data-elementor-lightbox-slideshow=\"1a2971a8\" data-elementor-lightbox-title=\"IMG_4410\" data-e-action-hash=\"#elementor-action%3Aaction%3Dlightbox%26settings%3DeyJpZCI6ODM1LCJ1cmwiOiJodHRwczpcL1wvd3d3LnRyYWlsLWRlLWxhLWJpY2hlLmZyXC93cC1jb250ZW50XC91cGxvYWRzXC8yMDIzXC8wOVwvSU1HXzQ0MTAtc2NhbGVkLmpwZyIsInNsaWRlc2hvdyI6IjFhMjk3MWE4In0%3D\" href='https:\/\/www.trail-de-la-biche.fr\/wp-content\/uploads\/2023\/09\/IMG_4410-scaled.jpg'><img loading=\"lazy\" decoding=\"async\" width=\"1536\" height=\"1024\" src=\"https:\/\/www.trail-de-la-biche.fr\/wp-content\/uploads\/2023\/09\/IMG_4410-1536x1024.jpg\" class=\"attachment-1536x1536 size-1536x1536\" alt=\"\" srcset=\"https:\/\/www.trail-de-la-biche.fr\/wp-content\/uploads\/2023\/09\/IMG_4410-1536x1024.jpg 1536w, https:\/\/www.trail-de-la-biche.fr\/wp-content\/uploads\/2023\/09\/IMG_4410-300x200.jpg 300w, https:\/\/www.trail-de-la-biche.fr\/wp-content\/uploads\/2023\/09\/IMG_4410-1024x683.jpg 1024w, https:\/\/www.trail-de-la-biche.fr\/wp-content\/uploads\/2023\/09\/IMG_4410-768x512.jpg 768w, https:\/\/www.trail-de-la-biche.fr\/wp-content\/uploads\/2023\/09\/IMG_4410-2048x1365.jpg 2048w, https:\/\/www.trail-de-la-biche.fr\/wp-content\/uploads\/2023\/09\/IMG_4410-2000x1333.jpg 2000w\" sizes=\"100vw\" \/><\/a>\n\t\t\t<\/div><\/figure><figure class='gallery-item'>\n\t\t\t<div class='gallery-icon landscape'>\n\t\t\t\t<a data-elementor-open-lightbox=\"yes\" data-elementor-lightbox-slideshow=\"1a2971a8\" data-elementor-lightbox-title=\"IMG_4261\" data-e-action-hash=\"#elementor-action%3Aaction%3Dlightbox%26settings%3DeyJpZCI6ODM2LCJ1cmwiOiJodHRwczpcL1wvd3d3LnRyYWlsLWRlLWxhLWJpY2hlLmZyXC93cC1jb250ZW50XC91cGxvYWRzXC8yMDIzXC8wOVwvSU1HXzQyNjEtc2NhbGVkLmpwZyIsInNsaWRlc2hvdyI6IjFhMjk3MWE4In0%3D\" href='https:\/\/www.trail-de-la-biche.fr\/wp-content\/uploads\/2023\/09\/IMG_4261-scaled.jpg'><img loading=\"lazy\" decoding=\"async\" width=\"1536\" height=\"1024\" src=\"https:\/\/www.trail-de-la-biche.fr\/wp-content\/uploads\/2023\/09\/IMG_4261-1536x1024.jpg\" class=\"attachment-1536x1536 size-1536x1536\" alt=\"\" srcset=\"https:\/\/www.trail-de-la-biche.fr\/wp-content\/uploads\/2023\/09\/IMG_4261-1536x1024.jpg 1536w, https:\/\/www.trail-de-la-biche.fr\/wp-content\/uploads\/2023\/09\/IMG_4261-300x200.jpg 300w, https:\/\/www.trail-de-la-biche.fr\/wp-content\/uploads\/2023\/09\/IMG_4261-1024x683.jpg 1024w, https:\/\/www.trail-de-la-biche.fr\/wp-content\/uploads\/2023\/09\/IMG_4261-768x512.jpg 768w, https:\/\/www.trail-de-la-biche.fr\/wp-content\/uploads\/2023\/09\/IMG_4261-2048x1365.jpg 2048w, https:\/\/www.trail-de-la-biche.fr\/wp-content\/uploads\/2023\/09\/IMG_4261-2000x1333.jpg 2000w\" sizes=\"100vw\" \/><\/a>\n\t\t\t<\/div><\/figure><figure class='gallery-item'>\n\t\t\t<div class='gallery-icon landscape'>\n\t\t\t\t<a data-elementor-open-lightbox=\"yes\" data-elementor-lightbox-slideshow=\"1a2971a8\" data-elementor-lightbox-title=\"IMG_4369\" data-e-action-hash=\"#elementor-action%3Aaction%3Dlightbox%26settings%3DeyJpZCI6ODM0LCJ1cmwiOiJodHRwczpcL1wvd3d3LnRyYWlsLWRlLWxhLWJpY2hlLmZyXC93cC1jb250ZW50XC91cGxvYWRzXC8yMDIzXC8wOVwvSU1HXzQzNjktc2NhbGVkLmpwZyIsInNsaWRlc2hvdyI6IjFhMjk3MWE4In0%3D\" href='https:\/\/www.trail-de-la-biche.fr\/wp-content\/uploads\/2023\/09\/IMG_4369-scaled.jpg'><img loading=\"lazy\" decoding=\"async\" width=\"1536\" height=\"1024\" src=\"https:\/\/www.trail-de-la-biche.fr\/wp-content\/uploads\/2023\/09\/IMG_4369-1536x1024.jpg\" class=\"attachment-1536x1536 size-1536x1536\" alt=\"\" srcset=\"https:\/\/www.trail-de-la-biche.fr\/wp-content\/uploads\/2023\/09\/IMG_4369-1536x1024.jpg 1536w, https:\/\/www.trail-de-la-biche.fr\/wp-content\/uploads\/2023\/09\/IMG_4369-300x200.jpg 300w, https:\/\/www.trail-de-la-biche.fr\/wp-content\/uploads\/2023\/09\/IMG_4369-1024x683.jpg 1024w, https:\/\/www.trail-de-la-biche.fr\/wp-content\/uploads\/2023\/09\/IMG_4369-768x512.jpg 768w, https:\/\/www.trail-de-la-biche.fr\/wp-content\/uploads\/2023\/09\/IMG_4369-2048x1365.jpg 2048w, https:\/\/www.trail-de-la-biche.fr\/wp-content\/uploads\/2023\/09\/IMG_4369-2000x1333.jpg 2000w\" sizes=\"100vw\" \/><\/a>\n\t\t\t<\/div><\/figure><figure class='gallery-item'>\n\t\t\t<div class='gallery-icon landscape'>\n\t\t\t\t<a data-elementor-open-lightbox=\"yes\" data-elementor-lightbox-slideshow=\"1a2971a8\" data-elementor-lightbox-title=\"IMG_4234\" data-e-action-hash=\"#elementor-action%3Aaction%3Dlightbox%26settings%3DeyJpZCI6ODMxLCJ1cmwiOiJodHRwczpcL1wvd3d3LnRyYWlsLWRlLWxhLWJpY2hlLmZyXC93cC1jb250ZW50XC91cGxvYWRzXC8yMDIzXC8wOVwvSU1HXzQyMzQtMS1zY2FsZWQuanBnIiwic2xpZGVzaG93IjoiMWEyOTcxYTgifQ%3D%3D\" href='https:\/\/www.trail-de-la-biche.fr\/wp-content\/uploads\/2023\/09\/IMG_4234-1-scaled.jpg'><img loading=\"lazy\" decoding=\"async\" width=\"1536\" height=\"1024\" src=\"https:\/\/www.trail-de-la-biche.fr\/wp-content\/uploads\/2023\/09\/IMG_4234-1-1536x1024.jpg\" class=\"attachment-1536x1536 size-1536x1536\" alt=\"\" srcset=\"https:\/\/www.trail-de-la-biche.fr\/wp-content\/uploads\/2023\/09\/IMG_4234-1-1536x1024.jpg 1536w, https:\/\/www.trail-de-la-biche.fr\/wp-content\/uploads\/2023\/09\/IMG_4234-1-300x200.jpg 300w, https:\/\/www.trail-de-la-biche.fr\/wp-content\/uploads\/2023\/09\/IMG_4234-1-1024x683.jpg 1024w, https:\/\/www.trail-de-la-biche.fr\/wp-content\/uploads\/2023\/09\/IMG_4234-1-768x512.jpg 768w, https:\/\/www.trail-de-la-biche.fr\/wp-content\/uploads\/2023\/09\/IMG_4234-1-2048x1366.jpg 2048w, https:\/\/www.trail-de-la-biche.fr\/wp-content\/uploads\/2023\/09\/IMG_4234-1-2000x1334.jpg 2000w\" sizes=\"100vw\" \/><\/a>\n\t\t\t<\/div><\/figure><figure class='gallery-item'>\n\t\t\t<div class='gallery-icon landscape'>\n\t\t\t\t<a data-elementor-open-lightbox=\"yes\" data-elementor-lightbox-slideshow=\"1a2971a8\" data-elementor-lightbox-title=\"IMG_4445\" data-e-action-hash=\"#elementor-action%3Aaction%3Dlightbox%26settings%3DeyJpZCI6ODI4LCJ1cmwiOiJodHRwczpcL1wvd3d3LnRyYWlsLWRlLWxhLWJpY2hlLmZyXC93cC1jb250ZW50XC91cGxvYWRzXC8yMDIzXC8wOVwvSU1HXzQ0NDUtc2NhbGVkLmpwZyIsInNsaWRlc2hvdyI6IjFhMjk3MWE4In0%3D\" href='https:\/\/www.trail-de-la-biche.fr\/wp-content\/uploads\/2023\/09\/IMG_4445-scaled.jpg'><img loading=\"lazy\" decoding=\"async\" width=\"1536\" height=\"1024\" src=\"https:\/\/www.trail-de-la-biche.fr\/wp-content\/uploads\/2023\/09\/IMG_4445-1536x1024.jpg\" class=\"attachment-1536x1536 size-1536x1536\" alt=\"\" srcset=\"https:\/\/www.trail-de-la-biche.fr\/wp-content\/uploads\/2023\/09\/IMG_4445-1536x1024.jpg 1536w, https:\/\/www.trail-de-la-biche.fr\/wp-content\/uploads\/2023\/09\/IMG_4445-300x200.jpg 300w, https:\/\/www.trail-de-la-biche.fr\/wp-content\/uploads\/2023\/09\/IMG_4445-1024x683.jpg 1024w, https:\/\/www.trail-de-la-biche.fr\/wp-content\/uploads\/2023\/09\/IMG_4445-768x512.jpg 768w, https:\/\/www.trail-de-la-biche.fr\/wp-content\/uploads\/2023\/09\/IMG_4445-2048x1365.jpg 2048w, https:\/\/www.trail-de-la-biche.fr\/wp-content\/uploads\/2023\/09\/IMG_4445-2000x1333.jpg 2000w\" sizes=\"100vw\" \/><\/a>\n\t\t\t<\/div><\/figure><figure class='gallery-item'>\n\t\t\t<div class='gallery-icon landscape'>\n\t\t\t\t<a data-elementor-open-lightbox=\"yes\" data-elementor-lightbox-slideshow=\"1a2971a8\" data-elementor-lightbox-title=\"IMG_4433\" data-e-action-hash=\"#elementor-action%3Aaction%3Dlightbox%26settings%3DeyJpZCI6ODI3LCJ1cmwiOiJodHRwczpcL1wvd3d3LnRyYWlsLWRlLWxhLWJpY2hlLmZyXC93cC1jb250ZW50XC91cGxvYWRzXC8yMDIzXC8wOVwvSU1HXzQ0MzMtc2NhbGVkLmpwZyIsInNsaWRlc2hvdyI6IjFhMjk3MWE4In0%3D\" href='https:\/\/www.trail-de-la-biche.fr\/wp-content\/uploads\/2023\/09\/IMG_4433-scaled.jpg'><img loading=\"lazy\" decoding=\"async\" width=\"1536\" height=\"1024\" src=\"https:\/\/www.trail-de-la-biche.fr\/wp-content\/uploads\/2023\/09\/IMG_4433-1536x1024.jpg\" class=\"attachment-1536x1536 size-1536x1536\" alt=\"\" srcset=\"https:\/\/www.trail-de-la-biche.fr\/wp-content\/uploads\/2023\/09\/IMG_4433-1536x1024.jpg 1536w, https:\/\/www.trail-de-la-biche.fr\/wp-content\/uploads\/2023\/09\/IMG_4433-300x200.jpg 300w, https:\/\/www.trail-de-la-biche.fr\/wp-content\/uploads\/2023\/09\/IMG_4433-1024x683.jpg 1024w, https:\/\/www.trail-de-la-biche.fr\/wp-content\/uploads\/2023\/09\/IMG_4433-768x512.jpg 768w, https:\/\/www.trail-de-la-biche.fr\/wp-content\/uploads\/2023\/09\/IMG_4433-2048x1365.jpg 2048w, https:\/\/www.trail-de-la-biche.fr\/wp-content\/uploads\/2023\/09\/IMG_4433-2000x1333.jpg 2000w\" sizes=\"100vw\" \/><\/a>\n\t\t\t<\/div><\/figure>\n\t\t<\/div>\n\t\t<\/div>\n\t\t\t\t\t\t<\/div>\n\t\t\t\t<\/div>\n\t\t\t\t\t<\/div>\n\t\t<\/div>\n\t\t\t\t\t<\/div>\n\t\t<\/section>\n\t\t\t\t<\/div>\n\t\t","protected":false},"excerpt":{"rendered":"<p>Galerie Retrouve ici les photos de l&rsquo;\u00e9dition 2025 ! Retrouve ici les photos de l&rsquo;\u00e9dition 2024 ! Retrouve ici les photos de l&rsquo;\u00e9dition 2023 !<\/p>\n","protected":false},"author":1,"featured_media":0,"parent":0,"menu_order":0,"comment_status":"closed","ping_status":"closed","template":"","meta":{"footnotes":""},"class_list":["post-635","page","type-page","status-publish","hentry"],"yoast_head":"<!-- This site is optimized with the Yoast SEO plugin v25.4 - https:\/\/yoast.com\/wordpress\/plugins\/seo\/ -->\n<title>Photos | Trail de la biche | US Giron | 06 Juillet 2025<\/title>\n<meta name=\"description\" content=\"Retrouvez toutes les photos du trail de la biche et du trail du faon qui ont eu lieu le 10 juillet 2022 \u00e0 Giron\" \/>\n<meta name=\"robots\" content=\"index, follow, max-snippet:-1, max-image-preview:large, max-video-preview:-1\" \/>\n<link rel=\"canonical\" href=\"https:\/\/www.trail-de-la-biche.fr\/?page_id=635\" \/>\n<meta property=\"og:locale\" content=\"fr_FR\" \/>\n<meta property=\"og:type\" content=\"article\" \/>\n<meta property=\"og:title\" content=\"Photos | Trail de la biche | US Giron | 06 Juillet 2025\" \/>\n<meta property=\"og:description\" content=\"Retrouvez toutes les photos du trail de la biche et du trail du faon qui ont eu lieu le 10 juillet 2022 \u00e0 Giron\" \/>\n<meta property=\"og:url\" content=\"https:\/\/www.trail-de-la-biche.fr\/?page_id=635\" \/>\n<meta property=\"og:site_name\" content=\"Trail de la biche | US Giron | 06 Juillet 2025\" \/>\n<meta property=\"article:modified_time\" content=\"2025-07-10T13:33:57+00:00\" \/>\n<meta property=\"og:image\" content=\"http:\/\/www.trail-de-la-biche.fr\/wp-content\/uploads\/2025\/07\/IMG_8690-300x200.jpg\" \/>\n<meta name=\"twitter:card\" content=\"summary_large_image\" \/>\n<meta name=\"twitter:label1\" content=\"Dur\u00e9e de lecture estim\u00e9e\" \/>\n\t<meta name=\"twitter:data1\" content=\"4 minutes\" \/>\n<script type=\"application\/ld+json\" class=\"yoast-schema-graph\">{\"@context\":\"https:\/\/schema.org\",\"@graph\":[{\"@type\":\"WebPage\",\"@id\":\"https:\/\/www.trail-de-la-biche.fr\/?page_id=635\",\"url\":\"https:\/\/www.trail-de-la-biche.fr\/?page_id=635\",\"name\":\"Photos | Trail de la biche | US Giron | 06 Juillet 2025\",\"isPartOf\":{\"@id\":\"http:\/\/www.trail-de-la-biche.fr\/#website\"},\"primaryImageOfPage\":{\"@id\":\"https:\/\/www.trail-de-la-biche.fr\/?page_id=635#primaryimage\"},\"image\":{\"@id\":\"https:\/\/www.trail-de-la-biche.fr\/?page_id=635#primaryimage\"},\"thumbnailUrl\":\"http:\/\/www.trail-de-la-biche.fr\/wp-content\/uploads\/2025\/07\/IMG_8690-300x200.jpg\",\"datePublished\":\"2022-07-11T10:58:35+00:00\",\"dateModified\":\"2025-07-10T13:33:57+00:00\",\"description\":\"Retrouvez toutes les photos du trail de la biche et du trail du faon qui ont eu lieu le 10 juillet 2022 \u00e0 Giron\",\"breadcrumb\":{\"@id\":\"https:\/\/www.trail-de-la-biche.fr\/?page_id=635#breadcrumb\"},\"inLanguage\":\"fr-FR\",\"potentialAction\":[{\"@type\":\"ReadAction\",\"target\":[\"https:\/\/www.trail-de-la-biche.fr\/?page_id=635\"]}]},{\"@type\":\"ImageObject\",\"inLanguage\":\"fr-FR\",\"@id\":\"https:\/\/www.trail-de-la-biche.fr\/?page_id=635#primaryimage\",\"url\":\"http:\/\/www.trail-de-la-biche.fr\/wp-content\/uploads\/2025\/07\/IMG_8690-300x200.jpg\",\"contentUrl\":\"http:\/\/www.trail-de-la-biche.fr\/wp-content\/uploads\/2025\/07\/IMG_8690-300x200.jpg\"},{\"@type\":\"BreadcrumbList\",\"@id\":\"https:\/\/www.trail-de-la-biche.fr\/?page_id=635#breadcrumb\",\"itemListElement\":[{\"@type\":\"ListItem\",\"position\":1,\"name\":\"Accueil\",\"item\":\"http:\/\/www.trail-de-la-biche.fr\/\"},{\"@type\":\"ListItem\",\"position\":2,\"name\":\"Photos\"}]},{\"@type\":\"WebSite\",\"@id\":\"http:\/\/www.trail-de-la-biche.fr\/#website\",\"url\":\"http:\/\/www.trail-de-la-biche.fr\/\",\"name\":\"Trail de la biche | US Giron | 06 Juillet 2025\",\"description\":\"Trail de la Biche - 06 Juillet 2025 \u00e0 Giron\",\"publisher\":{\"@id\":\"http:\/\/www.trail-de-la-biche.fr\/#organization\"},\"potentialAction\":[{\"@type\":\"SearchAction\",\"target\":{\"@type\":\"EntryPoint\",\"urlTemplate\":\"http:\/\/www.trail-de-la-biche.fr\/?s={search_term_string}\"},\"query-input\":{\"@type\":\"PropertyValueSpecification\",\"valueRequired\":true,\"valueName\":\"search_term_string\"}}],\"inLanguage\":\"fr-FR\"},{\"@type\":\"Organization\",\"@id\":\"http:\/\/www.trail-de-la-biche.fr\/#organization\",\"name\":\"Trail de la Biche- US GIRON\",\"url\":\"http:\/\/www.trail-de-la-biche.fr\/\",\"logo\":{\"@type\":\"ImageObject\",\"inLanguage\":\"fr-FR\",\"@id\":\"http:\/\/www.trail-de-la-biche.fr\/#\/schema\/logo\/image\/\",\"url\":\"http:\/\/www.trail-de-la-biche.fr\/wp-content\/uploads\/2022\/04\/logo-usgiron-1-e1650628252422.png\",\"contentUrl\":\"http:\/\/www.trail-de-la-biche.fr\/wp-content\/uploads\/2022\/04\/logo-usgiron-1-e1650628252422.png\",\"width\":200,\"height\":81,\"caption\":\"Trail de la Biche- US GIRON\"},\"image\":{\"@id\":\"http:\/\/www.trail-de-la-biche.fr\/#\/schema\/logo\/image\/\"}}]}<\/script>\n<!-- \/ Yoast SEO plugin. -->","yoast_head_json":{"title":"Photos | Trail de la biche | US Giron | 06 Juillet 2025","description":"Retrouvez toutes les photos du trail de la biche et du trail du faon qui ont eu lieu le 10 juillet 2022 \u00e0 Giron","robots":{"index":"index","follow":"follow","max-snippet":"max-snippet:-1","max-image-preview":"max-image-preview:large","max-video-preview":"max-video-preview:-1"},"canonical":"https:\/\/www.trail-de-la-biche.fr\/?page_id=635","og_locale":"fr_FR","og_type":"article","og_title":"Photos | Trail de la biche | US Giron | 06 Juillet 2025","og_description":"Retrouvez toutes les photos du trail de la biche et du trail du faon qui ont eu lieu le 10 juillet 2022 \u00e0 Giron","og_url":"https:\/\/www.trail-de-la-biche.fr\/?page_id=635","og_site_name":"Trail de la biche | US Giron | 06 Juillet 2025","article_modified_time":"2025-07-10T13:33:57+00:00","og_image":[{"url":"http:\/\/www.trail-de-la-biche.fr\/wp-content\/uploads\/2025\/07\/IMG_8690-300x200.jpg","type":"","width":"","height":""}],"twitter_card":"summary_large_image","twitter_misc":{"Dur\u00e9e de lecture estim\u00e9e":"4 minutes"},"schema":{"@context":"https:\/\/schema.org","@graph":[{"@type":"WebPage","@id":"https:\/\/www.trail-de-la-biche.fr\/?page_id=635","url":"https:\/\/www.trail-de-la-biche.fr\/?page_id=635","name":"Photos | Trail de la biche | US Giron | 06 Juillet 2025","isPartOf":{"@id":"http:\/\/www.trail-de-la-biche.fr\/#website"},"primaryImageOfPage":{"@id":"https:\/\/www.trail-de-la-biche.fr\/?page_id=635#primaryimage"},"image":{"@id":"https:\/\/www.trail-de-la-biche.fr\/?page_id=635#primaryimage"},"thumbnailUrl":"http:\/\/www.trail-de-la-biche.fr\/wp-content\/uploads\/2025\/07\/IMG_8690-300x200.jpg","datePublished":"2022-07-11T10:58:35+00:00","dateModified":"2025-07-10T13:33:57+00:00","description":"Retrouvez toutes les photos du trail de la biche et du trail du faon qui ont eu lieu le 10 juillet 2022 \u00e0 Giron","breadcrumb":{"@id":"https:\/\/www.trail-de-la-biche.fr\/?page_id=635#breadcrumb"},"inLanguage":"fr-FR","potentialAction":[{"@type":"ReadAction","target":["https:\/\/www.trail-de-la-biche.fr\/?page_id=635"]}]},{"@type":"ImageObject","inLanguage":"fr-FR","@id":"https:\/\/www.trail-de-la-biche.fr\/?page_id=635#primaryimage","url":"http:\/\/www.trail-de-la-biche.fr\/wp-content\/uploads\/2025\/07\/IMG_8690-300x200.jpg","contentUrl":"http:\/\/www.trail-de-la-biche.fr\/wp-content\/uploads\/2025\/07\/IMG_8690-300x200.jpg"},{"@type":"BreadcrumbList","@id":"https:\/\/www.trail-de-la-biche.fr\/?page_id=635#breadcrumb","itemListElement":[{"@type":"ListItem","position":1,"name":"Accueil","item":"http:\/\/www.trail-de-la-biche.fr\/"},{"@type":"ListItem","position":2,"name":"Photos"}]},{"@type":"WebSite","@id":"http:\/\/www.trail-de-la-biche.fr\/#website","url":"http:\/\/www.trail-de-la-biche.fr\/","name":"Trail de la biche | US Giron | 06 Juillet 2025","description":"Trail de la Biche - 06 Juillet 2025 \u00e0 Giron","publisher":{"@id":"http:\/\/www.trail-de-la-biche.fr\/#organization"},"potentialAction":[{"@type":"SearchAction","target":{"@type":"EntryPoint","urlTemplate":"http:\/\/www.trail-de-la-biche.fr\/?s={search_term_string}"},"query-input":{"@type":"PropertyValueSpecification","valueRequired":true,"valueName":"search_term_string"}}],"inLanguage":"fr-FR"},{"@type":"Organization","@id":"http:\/\/www.trail-de-la-biche.fr\/#organization","name":"Trail de la Biche- US GIRON","url":"http:\/\/www.trail-de-la-biche.fr\/","logo":{"@type":"ImageObject","inLanguage":"fr-FR","@id":"http:\/\/www.trail-de-la-biche.fr\/#\/schema\/logo\/image\/","url":"http:\/\/www.trail-de-la-biche.fr\/wp-content\/uploads\/2022\/04\/logo-usgiron-1-e1650628252422.png","contentUrl":"http:\/\/www.trail-de-la-biche.fr\/wp-content\/uploads\/2022\/04\/logo-usgiron-1-e1650628252422.png","width":200,"height":81,"caption":"Trail de la Biche- US GIRON"},"image":{"@id":"http:\/\/www.trail-de-la-biche.fr\/#\/schema\/logo\/image\/"}}]}},"_links":{"self":[{"href":"https:\/\/www.trail-de-la-biche.fr\/index.php?rest_route=\/wp\/v2\/pages\/635","targetHints":{"allow":["GET"]}}],"collection":[{"href":"https:\/\/www.trail-de-la-biche.fr\/index.php?rest_route=\/wp\/v2\/pages"}],"about":[{"href":"https:\/\/www.trail-de-la-biche.fr\/index.php?rest_route=\/wp\/v2\/types\/page"}],"author":[{"embeddable":true,"href":"https:\/\/www.trail-de-la-biche.fr\/index.php?rest_route=\/wp\/v2\/users\/1"}],"replies":[{"embeddable":true,"href":"https:\/\/www.trail-de-la-biche.fr\/index.php?rest_route=%2Fwp%2Fv2%2Fcomments&post=635"}],"version-history":[{"count":41,"href":"https:\/\/www.trail-de-la-biche.fr\/index.php?rest_route=\/wp\/v2\/pages\/635\/revisions"}],"predecessor-version":[{"id":953,"href":"https:\/\/www.trail-de-la-biche.fr\/index.php?rest_route=\/wp\/v2\/pages\/635\/revisions\/953"}],"wp:attachment":[{"href":"https:\/\/www.trail-de-la-biche.fr\/index.php?rest_route=%2Fwp%2Fv2%2Fmedia&parent=635"}],"curies":[{"name":"wp","href":"https:\/\/api.w.org\/{rel}","templated":true}]}}